{"id":364,"date":"2020-11-29T23:24:51","date_gmt":"2020-11-29T22:24:51","guid":{"rendered":"http:\/\/botanicnivrt.um.si\/?page_id=364"},"modified":"2025-02-12T10:03:22","modified_gmt":"2025-02-12T09:03:22","slug":"tematska-ucna-pot","status":"publish","type":"page","link":"http:\/\/botanicnivrt.um.si\/?page_id=364","title":{"rendered":"Tematska u\u010dna pot"},"content":{"rendered":"\t\t<div data-elementor-type=\"wp-page\" data-elementor-id=\"364\" class=\"elementor elementor-364\" data-elementor-settings=\"[]\">\n\t\t\t\t\t\t<div class=\"elementor-inner\">\n\t\t\t\t\t\t\t<div class=\"elementor-section-wrap\">\n\t\t\t\t\t\t\t<section class=\"elementor-section elementor-top-section elementor-element elementor-element-76e689e elementor-section-boxed elementor-section-height-default elementor-section-height-default\" data-id=\"76e689e\" data-element_type=\"section\">\n\t\t\t\t\t\t<div class=\"elementor-container elementor-column-gap-default\">\n\t\t\t\t\t\t\t<div class=\"elementor-row\">\n\t\t\t\t\t<div class=\"elementor-column elementor-col-100 elementor-top-column elementor-element elementor-element-56efee4\" data-id=\"56efee4\" data-element_type=\"column\">\n\t\t\t<div class=\"elementor-column-wrap elementor-element-populated\">\n\t\t\t\t\t\t\t<div class=\"elementor-widget-wrap\">\n\t\t\t\t\t\t<div class=\"elementor-element elementor-element-9cfc2d7 elementor-widget elementor-widget-text-editor\" data-id=\"9cfc2d7\" data-element_type=\"widget\" data-widget_type=\"text-editor.default\">\n\t\t\t\t<div class=\"elementor-widget-container\">\n\t\t\t\t\t\t\t\t<div class=\"elementor-text-editor elementor-clearfix\">\n\t\t\t\t<blockquote><p><strong>Arheolo\u0161ka u\u010dna pot je prirejena za individualne oglede. Vodenje po arheolo\u0161ki razstavi in arheolo\u0161ki u\u010dni poti je mo\u017eno v sklopu vodenih ogledov Botani\u010dnega vrta Univerze v Mariboru.\u00a0<\/strong><\/p><p><strong>Arheolo\u0161ke vsebine so na voljo tudi za \u0161olske skupine.\u00a0<\/strong><\/p><\/blockquote><p>V\u00a0ju\u017enem delu Botani\u010dnega vrta UM se razteza gomilno grobi\u0161\u010de iz starej\u0161e \u017eelezne dobe. Tukaj so v \u010dasu med koncem 9. in sredino 6. stoletja pr. n. \u0161t. svoje umrle pokopavali prebivalci utrjene naselbine Po\u0161tela na Pohorju. Gre za eno od grobi\u0161\u010d tam \u017eive\u010de skupnosti, saj se druga razprostirajo od planote Habakuk pod Po\u0161telo po grebenih proti Razvanju, kjer stoji mogo\u010dna Kosova gomila, pa vse do Spodnjih Ho\u010d.<\/p><p>S sodobnimi raziskavami je bilo na obmo\u010dju, kjer poteka arheolo\u0161ka pot, ugotovljenih ve\u010d deset razli\u010dno velikih grobnih gomil. Ena od manj\u0161ih je bila med urejanjem u\u010dne poti odkrita tik za mostom, v neposredni bli\u017eini vhoda v Botani\u010dni vrt. Z arheolo\u0161kimi izkopavanji smo ugotovili, da je bila mo\u010dno po\u0161kodovana \u017ee v preteklosti.<\/p><p>Ve\u010dina gomil ob u\u010dni poti je dobro ohranjenih, saj jih je dolga stoletja varoval gozd. To pa ne velja za vse gomile v bli\u017eini, saj so bile nekatere mo\u010dno po\u0161kodovane, ko je bilo na obmo\u010dju dana\u0161njega Botani\u010dnega vrta voja\u0161ko skladi\u0161\u010de. Uni\u010denje \u017eal grozi tudi nekaterim gomilam na njivskih povr\u0161inah v okolici, saj so zaradi intenzivnega oranja \u017ee skoraj povsem zravnane.\u00a0<\/p>\t\t\t\t\t<\/div>\n\t\t\t\t\t\t<\/div>\n\t\t\t\t<\/div>\n\t\t\t\t<div class=\"elementor-element elementor-element-b43790f elementor-widget elementor-widget-gallery\" data-id=\"b43790f\" data-element_type=\"widget\" data-settings=\"{&quot;lazyload&quot;:&quot;yes&quot;,&quot;gallery_layout&quot;:&quot;grid&quot;,&quot;columns&quot;:4,&quot;columns_tablet&quot;:2,&quot;columns_mobile&quot;:1,&quot;gap&quot;:{&quot;unit&quot;:&quot;px&quot;,&quot;size&quot;:10,&quot;sizes&quot;:[]},&quot;gap_tablet&quot;:{&quot;unit&quot;:&quot;px&quot;,&quot;size&quot;:10,&quot;sizes&quot;:[]},&quot;gap_mobile&quot;:{&quot;unit&quot;:&quot;px&quot;,&quot;size&quot;:10,&quot;sizes&quot;:[]},&quot;link_to&quot;:&quot;file&quot;,&quot;aspect_ratio&quot;:&quot;3:2&quot;,&quot;overlay_background&quot;:&quot;yes&quot;,&quot;content_hover_animation&quot;:&quot;fade-in&quot;}\" data-widget_type=\"gallery.default\">\n\t\t\t\t<div class=\"elementor-widget-container\">\n\t\t\t\t\t<div class=\"elementor-gallery__container\">\n\t\t\t\t\t\t\t<a class=\"e-gallery-item elementor-gallery-item elementor-animated-content\" href=\"http:\/\/botanicnivrt.um.si\/wp-content\/uploads\/2020\/11\/20190930_113723.jpg\" data-elementor-open-lightbox=\"yes\" data-elementor-lightbox-slideshow=\"all-b43790f\" data-elementor-lightbox-title=\"20190930_113723\">\n\t\t\t\t\t<div class=\"e-gallery-image elementor-gallery-item__image\" data-thumbnail=\"http:\/\/botanicnivrt.um.si\/wp-content\/uploads\/2020\/11\/20190930_113723-225x300.jpg\" data-width=\"225\" data-height=\"300\" alt=\"\" ><\/div>\n\t\t\t\t\t\t\t\t\t\t\t<div class=\"elementor-gallery-item__overlay\"><\/div>\n\t\t\t\t\t\t\t\t\t\t\t\t\t\t<\/a>\n\t\t\t\t\t\t\t<a class=\"e-gallery-item elementor-gallery-item elementor-animated-content\" href=\"http:\/\/botanicnivrt.um.si\/wp-content\/uploads\/2020\/11\/Arboretum_spomladi.jpg\" data-elementor-open-lightbox=\"yes\" data-elementor-lightbox-slideshow=\"all-b43790f\" data-elementor-lightbox-title=\"Arboretum_spomladi\">\n\t\t\t\t\t<div class=\"e-gallery-image elementor-gallery-item__image\" data-thumbnail=\"http:\/\/botanicnivrt.um.si\/wp-content\/uploads\/2020\/11\/Arboretum_spomladi-300x146.jpg\" data-width=\"300\" data-height=\"146\" alt=\"\" ><\/div>\n\t\t\t\t\t\t\t\t\t\t\t<div class=\"elementor-gallery-item__overlay\"><\/div>\n\t\t\t\t\t\t\t\t\t\t\t\t\t\t<\/a>\n\t\t\t\t\t\t\t<a class=\"e-gallery-item elementor-gallery-item elementor-animated-content\" href=\"http:\/\/botanicnivrt.um.si\/wp-content\/uploads\/2020\/11\/DSC_0096.jpg\" data-elementor-open-lightbox=\"yes\" data-elementor-lightbox-slideshow=\"all-b43790f\" data-elementor-lightbox-title=\"DSC_0096\">\n\t\t\t\t\t<div class=\"e-gallery-image elementor-gallery-item__image\" data-thumbnail=\"http:\/\/botanicnivrt.um.si\/wp-content\/uploads\/2020\/11\/DSC_0096-300x199.jpg\" data-width=\"300\" data-height=\"199\" alt=\"\" ><\/div>\n\t\t\t\t\t\t\t\t\t\t\t<div class=\"elementor-gallery-item__overlay\"><\/div>\n\t\t\t\t\t\t\t\t\t\t\t\t\t\t<\/a>\n\t\t\t\t\t\t\t<a class=\"e-gallery-item elementor-gallery-item elementor-animated-content\" href=\"http:\/\/botanicnivrt.um.si\/wp-content\/uploads\/2020\/11\/Gomile-v-botanicnem-vrtu.jpg\" data-elementor-open-lightbox=\"yes\" data-elementor-lightbox-slideshow=\"all-b43790f\" data-elementor-lightbox-title=\"Gomile v botani\u010dnem vrtu\">\n\t\t\t\t\t<div class=\"e-gallery-image elementor-gallery-item__image\" data-thumbnail=\"http:\/\/botanicnivrt.um.si\/wp-content\/uploads\/2020\/11\/Gomile-v-botanicnem-vrtu-300x200.jpg\" data-width=\"300\" data-height=\"200\" alt=\"\" ><\/div>\n\t\t\t\t\t\t\t\t\t\t\t<div class=\"elementor-gallery-item__overlay\"><\/div>\n\t\t\t\t\t\t\t\t\t\t\t\t\t\t<\/a>\n\t\t\t\t\t<\/div>\n\t\t\t<\/div>\n\t\t\t\t<\/div>\n\t\t\t\t<div class=\"elementor-element elementor-element-fe5dbe5 elementor-widget elementor-widget-heading\" data-id=\"fe5dbe5\" data-element_type=\"widget\" data-widget_type=\"heading.default\">\n\t\t\t\t<div class=\"elementor-widget-container\">\n\t\t\t<h2 class=\"elementor-heading-title elementor-size-default\">ZBIRKA U\u017dITNIH IN UPORABNIH RASTLIN, PALEOVRT\n\n<\/h2>\t\t<\/div>\n\t\t\t\t<\/div>\n\t\t\t\t<div class=\"elementor-element elementor-element-7474588 elementor-widget elementor-widget-text-editor\" data-id=\"7474588\" data-element_type=\"widget\" data-widget_type=\"text-editor.default\">\n\t\t\t\t<div class=\"elementor-widget-container\">\n\t\t\t\t\t\t\t\t<div class=\"elementor-text-editor elementor-clearfix\">\n\t\t\t\t<p>Od mlaj\u0161e kamene in bakrene dobe (pribl. 6000\u20132300 pr. n. \u0161t.), bronaste dobe (pribl. 2300\u2013800 pr. n. \u0161t.), \u017eelezne dobe (pribl. 800\u201315\/0 pr. n. \u0161t.) pa vse do rimskega in poznoanti\u010dnega obdobja (15\/0\u20136. stol.) se je kmetijstvo na \u0160tajerskem razvijalo postopoma.\u00a0<\/p><p>Za vsako zgodovinsko obdobje so zna\u010dilne posamezne vrste polj\u0161\u010din, ki so praviloma v naslednjem obdobju nadomestile bolj\u0161e sorte ali vrste. Le-te so s trgovino in migracijami prispele na obmo\u010dje \u0160tajerske ter tako v vsakem zgodovinskem obdobju pustile pomemben pe\u010dat v tehnikah kmetovanja.<\/p><p>Zbirka u\u017eitnih in uporabnih rastlin je nazorna kolekcija najpomembnej\u0161ih polj\u0161\u010din in uporabnih rastlin, ki jih je \u010dlovek na obmo\u010dju na\u0161ega prostora prideloval in uporabljal skozi opisana prazgodovinska in zgodovinska obdobja.\u00a0Vrt je zasnovan iz desetih, med seboj lo\u010denih parcel, ki so v kronolo\u0161kem zaporedju medsebojno povezane.\u00a0<\/p><p>Prvi dve gredi predstavljata pomembne gojene rastline iz mlaj\u0161e kamene in bakrene dobe na \u0160tajerskem (pribl. 6000\u20132300 pr. n. \u0161t.). Predstavljene so polj\u0161\u010dine kot: p\u0161enica enozrnica (<em>Triticum monococcum\u00a0<\/em>L.), izvorne oblike dana\u0161njega ovsa (<em>Avena sativa\u00a0<\/em>L<em>.<\/em>) in nekateri uporabni njivski pleveli, kot recimo kokalj (<em>Agrostemma githago\u00a0<\/em>L.).<\/p><p>Naslednje tri gredice predstavljajo najpomembnej\u0161e gojene rastline v obdobju bronaste dobe na \u0160tajerskem (pribl. 2300\u2013800 pr. n. \u0161t.). Predstavljene so vrste: bob (<em>Vicia faba<\/em>\u00a0L.), le\u010da (<em>Lens culinaris<\/em>\u00a0Medikus), proso (<em>Panicum miliaceum\u00a0<\/em>L.) in pira (<em>Triticum spelta\u00a0<\/em>L.).<\/p><p>\u0160esta in sedma gredica predstavljata \u017eelezno dobo (pribl. 800\u201315\/0 pr. n. \u0161t.). Takrat se za\u010dnejo gojiti na \u0160tajerskem \u0161tevilne nove sorte uporabnih in u\u017eitnih rastlin. Predstavljena je stara sorta r\u017ei (<em>Secale cereale\u00a0<\/em>L<em>.<\/em>), ajda (<em>Fagopyrum esculentum<\/em>\u00a0Moench), lan (<em>Linum usitatissimum<\/em>\u00a0L.) in vrtni mak (<em>Papaver somniferum<\/em>\u00a0L.).<\/p><p>Zadnje tri gredice predstavljajo rastlinske vrste, ki jih je \u010dlovek gojil pri nas v rimskem in poznoanti\u010dnem obdobju (15\/0\u20136. stol.). Predstavljene so vrste kot: pastinak (<em>Pastinaca sativa<\/em>\u00a0L.), sodobnej\u0161e sorte p\u0161enic (<em>Triticum aestivum<\/em>\u00a0L.), navadni sirek (<em>Sorghum bicolor<\/em>\u00a0(L.) Moench), navadni je\u010dmen (<em>Hordeum vulgare<\/em>\u00a0L.)<\/p><p>\u00a0<\/p>\t\t\t\t\t<\/div>\n\t\t\t\t\t\t<\/div>\n\t\t\t\t<\/div>\n\t\t\t\t<div class=\"elementor-element elementor-element-14d8e93 elementor-widget elementor-widget-gallery\" data-id=\"14d8e93\" data-element_type=\"widget\" data-settings=\"{&quot;lazyload&quot;:&quot;yes&quot;,&quot;gallery_layout&quot;:&quot;grid&quot;,&quot;columns&quot;:4,&quot;columns_tablet&quot;:2,&quot;columns_mobile&quot;:1,&quot;gap&quot;:{&quot;unit&quot;:&quot;px&quot;,&quot;size&quot;:10,&quot;sizes&quot;:[]},&quot;gap_tablet&quot;:{&quot;unit&quot;:&quot;px&quot;,&quot;size&quot;:10,&quot;sizes&quot;:[]},&quot;gap_mobile&quot;:{&quot;unit&quot;:&quot;px&quot;,&quot;size&quot;:10,&quot;sizes&quot;:[]},&quot;link_to&quot;:&quot;file&quot;,&quot;aspect_ratio&quot;:&quot;3:2&quot;,&quot;overlay_background&quot;:&quot;yes&quot;,&quot;content_hover_animation&quot;:&quot;fade-in&quot;}\" data-widget_type=\"gallery.default\">\n\t\t\t\t<div class=\"elementor-widget-container\">\n\t\t\t\t\t<div class=\"elementor-gallery__container\">\n\t\t\t\t\t\t\t<a class=\"e-gallery-item elementor-gallery-item elementor-animated-content\" href=\"http:\/\/botanicnivrt.um.si\/wp-content\/uploads\/2020\/11\/DSC_1119.jpg\" data-elementor-open-lightbox=\"yes\" data-elementor-lightbox-slideshow=\"all-14d8e93\" data-elementor-lightbox-title=\"DSC_1119\">\n\t\t\t\t\t<div class=\"e-gallery-image elementor-gallery-item__image\" data-thumbnail=\"http:\/\/botanicnivrt.um.si\/wp-content\/uploads\/2020\/11\/DSC_1119-199x300.jpg\" data-width=\"199\" data-height=\"300\" alt=\"\" ><\/div>\n\t\t\t\t\t\t\t\t\t\t\t<div class=\"elementor-gallery-item__overlay\"><\/div>\n\t\t\t\t\t\t\t\t\t\t\t\t\t\t<\/a>\n\t\t\t\t\t\t\t<a class=\"e-gallery-item elementor-gallery-item elementor-animated-content\" href=\"http:\/\/botanicnivrt.um.si\/wp-content\/uploads\/2020\/11\/DSC_1122.jpg\" data-elementor-open-lightbox=\"yes\" data-elementor-lightbox-slideshow=\"all-14d8e93\" data-elementor-lightbox-title=\"DSC_1122\">\n\t\t\t\t\t<div class=\"e-gallery-image elementor-gallery-item__image\" data-thumbnail=\"http:\/\/botanicnivrt.um.si\/wp-content\/uploads\/2020\/11\/DSC_1122-300x200.jpg\" data-width=\"300\" data-height=\"200\" alt=\"\" ><\/div>\n\t\t\t\t\t\t\t\t\t\t\t<div class=\"elementor-gallery-item__overlay\"><\/div>\n\t\t\t\t\t\t\t\t\t\t\t\t\t\t<\/a>\n\t\t\t\t\t\t\t<a class=\"e-gallery-item elementor-gallery-item elementor-animated-content\" href=\"http:\/\/botanicnivrt.um.si\/wp-content\/uploads\/2022\/01\/lan.jpg\" data-elementor-open-lightbox=\"yes\" data-elementor-lightbox-slideshow=\"all-14d8e93\" data-elementor-lightbox-title=\"lan\">\n\t\t\t\t\t<div class=\"e-gallery-image elementor-gallery-item__image\" data-thumbnail=\"http:\/\/botanicnivrt.um.si\/wp-content\/uploads\/2022\/01\/lan-300x199.jpg\" data-width=\"300\" data-height=\"199\" alt=\"\" ><\/div>\n\t\t\t\t\t\t\t\t\t\t\t<div class=\"elementor-gallery-item__overlay\"><\/div>\n\t\t\t\t\t\t\t\t\t\t\t\t\t\t<\/a>\n\t\t\t\t\t\t\t<a class=\"e-gallery-item elementor-gallery-item elementor-animated-content\" href=\"http:\/\/botanicnivrt.um.si\/wp-content\/uploads\/2020\/11\/IMG_20210611_085549_2601.jpg\" data-elementor-open-lightbox=\"yes\" data-elementor-lightbox-slideshow=\"all-14d8e93\" data-elementor-lightbox-title=\"IMG_20210611_085549_260[1]\">\n\t\t\t\t\t<div class=\"e-gallery-image elementor-gallery-item__image\" data-thumbnail=\"http:\/\/botanicnivrt.um.si\/wp-content\/uploads\/2020\/11\/IMG_20210611_085549_2601-300x300.jpg\" data-width=\"300\" data-height=\"300\" alt=\"\" ><\/div>\n\t\t\t\t\t\t\t\t\t\t\t<div class=\"elementor-gallery-item__overlay\"><\/div>\n\t\t\t\t\t\t\t\t\t\t\t\t\t\t<\/a>\n\t\t\t\t\t<\/div>\n\t\t\t<\/div>\n\t\t\t\t<\/div>\n\t\t\t\t<div class=\"elementor-element elementor-element-4b288b0 elementor-widget elementor-widget-heading\" data-id=\"4b288b0\" data-element_type=\"widget\" data-widget_type=\"heading.default\">\n\t\t\t\t<div class=\"elementor-widget-container\">\n\t\t\t<h2 class=\"elementor-heading-title elementor-size-default\">ARHEOLO\u0160KA RAZSTAVA - Kako so \u017eiveli<\/h2>\t\t<\/div>\n\t\t\t\t<\/div>\n\t\t\t\t<div class=\"elementor-element elementor-element-19fcba9 elementor-widget elementor-widget-text-editor\" data-id=\"19fcba9\" data-element_type=\"widget\" data-widget_type=\"text-editor.default\">\n\t\t\t\t<div class=\"elementor-widget-container\">\n\t\t\t\t\t\t\t\t<div class=\"elementor-text-editor elementor-clearfix\">\n\t\t\t\t<p>V okviru arheolo\u0161ke razstave &#8216;Kako so \u017eiveli&#8230;&#8217; vas popeljemo na sprehod skozi (pra)zgodovino obmo\u010dja severovzhodne Slovenije in avstrijske \u0160tajerske od mlaj\u0161e kamene dobe do srednjega veka. Na razstavi so na sodoben interaktivni na\u010din predstavljena dognanja interdisciplinarnih raziskovanj arheologije, arheobotanike in arheozoologije. Poseben pe\u010dat obisku daje rekonstrukcija starej\u0161e \u017eeleznodobne hi\u0161e izpred ve\u010d kot 2600 let. Razstava je na ogled v odpiralnem \u010dasu Botani\u010dnega vrta. Nahaja se v drugem ve\u010dnamenskem objeku\u00a0 v vhodnem delu Botani\u010dnega vrta.<\/p>\t\t\t\t\t<\/div>\n\t\t\t\t\t\t<\/div>\n\t\t\t\t<\/div>\n\t\t\t\t<div class=\"elementor-element elementor-element-f3a8d47 elementor-widget elementor-widget-gallery\" data-id=\"f3a8d47\" data-element_type=\"widget\" data-settings=\"{&quot;lazyload&quot;:&quot;yes&quot;,&quot;gallery_layout&quot;:&quot;grid&quot;,&quot;columns&quot;:4,&quot;columns_tablet&quot;:2,&quot;columns_mobile&quot;:1,&quot;gap&quot;:{&quot;unit&quot;:&quot;px&quot;,&quot;size&quot;:10,&quot;sizes&quot;:[]},&quot;gap_tablet&quot;:{&quot;unit&quot;:&quot;px&quot;,&quot;size&quot;:10,&quot;sizes&quot;:[]},&quot;gap_mobile&quot;:{&quot;unit&quot;:&quot;px&quot;,&quot;size&quot;:10,&quot;sizes&quot;:[]},&quot;link_to&quot;:&quot;file&quot;,&quot;aspect_ratio&quot;:&quot;3:2&quot;,&quot;overlay_background&quot;:&quot;yes&quot;,&quot;content_hover_animation&quot;:&quot;fade-in&quot;}\" data-widget_type=\"gallery.default\">\n\t\t\t\t<div class=\"elementor-widget-container\">\n\t\t\t\t\t<div class=\"elementor-gallery__container\">\n\t\t\t\t\t\t\t<a class=\"e-gallery-item elementor-gallery-item elementor-animated-content\" href=\"http:\/\/botanicnivrt.um.si\/wp-content\/uploads\/2020\/11\/DSC_0912.jpg\" data-elementor-open-lightbox=\"yes\" data-elementor-lightbox-slideshow=\"all-f3a8d47\" data-elementor-lightbox-title=\"DSC_0912\">\n\t\t\t\t\t<div class=\"e-gallery-image elementor-gallery-item__image\" data-thumbnail=\"http:\/\/botanicnivrt.um.si\/wp-content\/uploads\/2020\/11\/DSC_0912-300x200.jpg\" data-width=\"300\" data-height=\"200\" alt=\"\" ><\/div>\n\t\t\t\t\t\t\t\t\t\t\t<div class=\"elementor-gallery-item__overlay\"><\/div>\n\t\t\t\t\t\t\t\t\t\t\t\t\t\t<\/a>\n\t\t\t\t\t\t\t<a class=\"e-gallery-item elementor-gallery-item elementor-animated-content\" href=\"http:\/\/botanicnivrt.um.si\/wp-content\/uploads\/2020\/11\/DSC_0913.jpg\" data-elementor-open-lightbox=\"yes\" data-elementor-lightbox-slideshow=\"all-f3a8d47\" data-elementor-lightbox-title=\"DSC_0913\">\n\t\t\t\t\t<div class=\"e-gallery-image elementor-gallery-item__image\" data-thumbnail=\"http:\/\/botanicnivrt.um.si\/wp-content\/uploads\/2020\/11\/DSC_0913-300x200.jpg\" data-width=\"300\" data-height=\"200\" alt=\"\" ><\/div>\n\t\t\t\t\t\t\t\t\t\t\t<div class=\"elementor-gallery-item__overlay\"><\/div>\n\t\t\t\t\t\t\t\t\t\t\t\t\t\t<\/a>\n\t\t\t\t\t\t\t<a class=\"e-gallery-item elementor-gallery-item elementor-animated-content\" href=\"http:\/\/botanicnivrt.um.si\/wp-content\/uploads\/2020\/11\/6792541-1.jpg\" data-elementor-open-lightbox=\"yes\" data-elementor-lightbox-slideshow=\"all-f3a8d47\" data-elementor-lightbox-title=\"6792541\">\n\t\t\t\t\t<div class=\"e-gallery-image elementor-gallery-item__image\" data-thumbnail=\"http:\/\/botanicnivrt.um.si\/wp-content\/uploads\/2020\/11\/6792541-1-300x200.jpg\" data-width=\"300\" data-height=\"200\" alt=\"\" ><\/div>\n\t\t\t\t\t\t\t\t\t\t\t<div class=\"elementor-gallery-item__overlay\"><\/div>\n\t\t\t\t\t\t\t\t\t\t\t\t\t\t<\/a>\n\t\t\t\t\t\t\t<a class=\"e-gallery-item elementor-gallery-item elementor-animated-content\" href=\"http:\/\/botanicnivrt.um.si\/wp-content\/uploads\/2020\/11\/hisa-razstava-3-Large.jpg\" data-elementor-open-lightbox=\"yes\" data-elementor-lightbox-slideshow=\"all-f3a8d47\" data-elementor-lightbox-title=\"hisa razstava (3) (Large)\">\n\t\t\t\t\t<div class=\"e-gallery-image elementor-gallery-item__image\" data-thumbnail=\"http:\/\/botanicnivrt.um.si\/wp-content\/uploads\/2020\/11\/hisa-razstava-3-Large-300x166.jpg\" data-width=\"300\" data-height=\"166\" alt=\"\" ><\/div>\n\t\t\t\t\t\t\t\t\t\t\t<div class=\"elementor-gallery-item__overlay\"><\/div>\n\t\t\t\t\t\t\t\t\t\t\t\t\t\t<\/a>\n\t\t\t\t\t<\/div>\n\t\t\t<\/div>\n\t\t\t\t<\/div>\n\t\t\t\t\t\t<\/div>\n\t\t\t\t\t<\/div>\n\t\t<\/div>\n\t\t\t\t\t\t\t\t<\/div>\n\t\t\t\t\t<\/div>\n\t\t<\/section>\n\t\t\t\t\t\t<\/div>\n\t\t\t\t\t\t<\/div>\n\t\t\t\t\t<\/div>\n\t\t","protected":false},"excerpt":{"rendered":"<p>Arheolo\u0161ka u\u010dna pot je prirejena za individualne oglede. Vodenje po arheolo\u0161ki razstavi in arheolo\u0161ki u\u010dni poti je mo\u017eno v sklopu vodenih ogledov Botani\u010dnega vrta Univerze v Mariboru.\u00a0 Arheolo\u0161ke vsebine so na voljo tudi za \u0161olske skupine.\u00a0 V\u00a0ju\u017enem delu Botani\u010dnega vrta UM se razteza gomilno grobi\u0161\u010de iz starej\u0161e \u017eelezne dobe. Tukaj so v \u010dasu med koncem [&hellip;]<\/p>\n","protected":false},"author":1,"featured_media":0,"parent":0,"menu_order":0,"comment_status":"closed","ping_status":"closed","template":"","meta":{"footnotes":""},"class_list":["post-364","page","type-page","status-publish","hentry"],"_links":{"self":[{"href":"http:\/\/botanicnivrt.um.si\/index.php?rest_route=\/wp\/v2\/pages\/364","targetHints":{"allow":["GET"]}}],"collection":[{"href":"http:\/\/botanicnivrt.um.si\/index.php?rest_route=\/wp\/v2\/pages"}],"about":[{"href":"http:\/\/botanicnivrt.um.si\/index.php?rest_route=\/wp\/v2\/types\/page"}],"author":[{"embeddable":true,"href":"http:\/\/botanicnivrt.um.si\/index.php?rest_route=\/wp\/v2\/users\/1"}],"replies":[{"embeddable":true,"href":"http:\/\/botanicnivrt.um.si\/index.php?rest_route=%2Fwp%2Fv2%2Fcomments&post=364"}],"version-history":[{"count":19,"href":"http:\/\/botanicnivrt.um.si\/index.php?rest_route=\/wp\/v2\/pages\/364\/revisions"}],"predecessor-version":[{"id":2790,"href":"http:\/\/botanicnivrt.um.si\/index.php?rest_route=\/wp\/v2\/pages\/364\/revisions\/2790"}],"wp:attachment":[{"href":"http:\/\/botanicnivrt.um.si\/index.php?rest_route=%2Fwp%2Fv2%2Fmedia&parent=364"}],"curies":[{"name":"wp","href":"https:\/\/api.w.org\/{rel}","templated":true}]}}